{"id":3237,"date":"2020-09-02T16:10:37","date_gmt":"2020-09-02T14:10:37","guid":{"rendered":"http:\/\/www.zaborek.com.pl\/?post_type=project&#038;p=3237"},"modified":"2026-08-26T12:49:44","modified_gmt":"2026-08-26T10:49:44","slug":"jesienny-weekend-z-bania","status":"publish","type":"project","link":"https:\/\/www.zaborek.com.pl\/miejsce-z-klimatem\/project\/jesienny-weekend-z-bania\/","title":{"rendered":"JESIENNE BANIOWANIE W ZABORKU"},"content":{"rendered":"<p>[et_pb_section fb_built=&#8221;1&#8243; inner_shadow=&#8221;on&#8221; fullwidth=&#8221;on&#8221; admin_label=&#8221;section&#8221; _builder_version=&#8221;4.16&#8243; background_color=&#8221;#c6d4ab&#8221; global_colors_info=&#8221;{}&#8221;][et_pb_fullwidth_slider admin_label=&#8221;Fullwidth Slider&#8221; _builder_version=&#8221;4.27.0&#8243; custom_padding=&#8221;|||&#8221; custom_padding_tablet=&#8221;|||&#8221; custom_padding_phone=&#8221;|||&#8221; box_shadow_style=&#8221;preset6&#8243; box_shadow_blur=&#8221;10px&#8221; box_shadow_color=&#8221;rgba(0,0,0,0.1)&#8221; remove_inner_shadow=&#8221;off&#8221; hide_content_on_mobile=&#8221;off&#8221; hide_cta_on_mobile=&#8221;off&#8221; show_inner_shadow=&#8221;on&#8221; button_border_radius_hover=&#8221;3&#8243; button_letter_spacing_hover=&#8221;0&#8243; global_colors_info=&#8221;{}&#8221; button_text_size__hover_enabled=&#8221;off&#8221; button_one_text_size__hover_enabled=&#8221;off&#8221; button_two_text_size__hover_enabled=&#8221;off&#8221; button_text_color__hover_enabled=&#8221;off&#8221; button_one_text_color__hover_enabled=&#8221;off&#8221; button_two_text_color__hover_enabled=&#8221;off&#8221; button_border_width__hover_enabled=&#8221;off&#8221; button_one_border_width__hover_enabled=&#8221;off&#8221; button_two_border_width__hover_enabled=&#8221;off&#8221; button_border_color__hover_enabled=&#8221;off&#8221; button_one_border_color__hover_enabled=&#8221;off&#8221; button_two_border_color__hover_enabled=&#8221;off&#8221; button_border_radius__hover_enabled=&#8221;on&#8221; button_border_radius__hover=&#8221;3&#8243; button_one_border_radius__hover_enabled=&#8221;off&#8221; button_two_border_radius__hover_enabled=&#8221;off&#8221; button_letter_spacing__hover_enabled=&#8221;on&#8221; button_letter_spacing__hover=&#8221;0&#8243; button_one_letter_spacing__hover_enabled=&#8221;off&#8221; button_two_letter_spacing__hover_enabled=&#8221;off&#8221; button_bg_color__hover_enabled=&#8221;off&#8221; button_one_bg_color__hover_enabled=&#8221;off&#8221; button_two_bg_color__hover_enabled=&#8221;off&#8221;][et_pb_slide heading=&#8221;JESIENNE BANIOWANIE W ZABORKU&#8221; url_new_window=&#8221;on&#8221; image=&#8221;http:\/\/www.zaborek.com.pl\/wp-content\/uploads\/2019\/09\/ZABOREK-2019-bialoczerwone-1.png&#8221; _builder_version=&#8221;4.27.0&#8243; header_level=&#8221;h6&#8243; header_font=&#8221;||||||||&#8221; header_font_size=&#8221;32px&#8221; background_image=&#8221;https:\/\/www.zaborek.com.pl\/wp-content\/uploads\/2019\/09\/TYTUL-na-strone-2023-scaled.jpg&#8221; background_enable_image=&#8221;on&#8221; button_icon_placement=&#8221;right&#8221; button_on_hover=&#8221;on&#8221; text_orientation=&#8221;right&#8221; text_shadow_style=&#8221;preset5&#8243; text_shadow_horizontal_length=&#8221;0.15em&#8221; text_shadow_color=&#8221;#000000&#8243; global_colors_info=&#8221;{}&#8221; button_text_size__hover_enabled=&#8221;off&#8221; button_one_text_size__hover_enabled=&#8221;off&#8221; button_two_text_size__hover_enabled=&#8221;off&#8221; button_text_color__hover_enabled=&#8221;off&#8221; button_one_text_color__hover_enabled=&#8221;off&#8221; button_two_text_color__hover_enabled=&#8221;off&#8221; button_border_width__hover_enabled=&#8221;off&#8221; button_one_border_width__hover_enabled=&#8221;off&#8221; button_two_border_width__hover_enabled=&#8221;off&#8221; button_border_color__hover_enabled=&#8221;off&#8221; button_one_border_color__hover_enabled=&#8221;off&#8221; button_two_border_color__hover_enabled=&#8221;off&#8221; button_border_radius__hover_enabled=&#8221;off&#8221; button_one_border_radius__hover_enabled=&#8221;off&#8221; button_two_border_radius__hover_enabled=&#8221;off&#8221; button_letter_spacing__hover_enabled=&#8221;off&#8221; button_one_letter_spacing__hover_enabled=&#8221;off&#8221; button_two_letter_spacing__hover_enabled=&#8221;off&#8221; button_bg_color__hover_enabled=&#8221;off&#8221; button_one_bg_color__hover_enabled=&#8221;off&#8221; button_two_bg_color__hover_enabled=&#8221;off&#8221; sticky_transition=&#8221;on&#8221;][\/et_pb_slide][\/et_pb_fullwidth_slider][\/et_pb_section][et_pb_section fb_built=&#8221;1&#8243; admin_label=&#8221;section&#8221; module_class=&#8221;blogSection&#8221; _builder_version=&#8221;4.16&#8243; background_color=&#8221;#ffffff&#8221; min_height=&#8221;1214px&#8221; custom_padding=&#8221;||0px|||&#8221; transparent_background=&#8221;off&#8221; global_colors_info=&#8221;{}&#8221;][et_pb_row admin_label=&#8221;row&#8221; _builder_version=&#8221;4.16&#8243; background_size=&#8221;initial&#8221; background_position=&#8221;top_left&#8221; background_repeat=&#8221;repeat&#8221; min_height=&#8221;1009px&#8221; custom_padding=&#8221;0px|||||&#8221; global_colors_info=&#8221;{}&#8221;][et_pb_column type=&#8221;4_4&#8243; _builder_version=&#8221;4.16&#8243; custom_padding=&#8221;|||&#8221; global_colors_info=&#8221;{}&#8221; custom_padding__hover=&#8221;|||&#8221;][et_pb_text admin_label=&#8221;Text&#8221; _builder_version=&#8221;4.27.0&#8243; background_size=&#8221;initial&#8221; background_position=&#8221;top_left&#8221; background_repeat=&#8221;repeat&#8221; min_height=&#8221;997px&#8221; custom_padding=&#8221;||0px|||&#8221; hover_enabled=&#8221;0&#8243; use_border_color=&#8221;off&#8221; border_color=&#8221;#ffffff&#8221; border_style=&#8221;solid&#8221; global_colors_info=&#8221;{}&#8221; sticky_enabled=&#8221;0&#8243;]<\/p>\n<h3><em>JESIENNE BANIOWANIE W\u00a0ZABORKU<\/em><\/h3>\n<p>&#8222;Z DALA OD ZGIE\u0141KU, BLISKO NATURY&#8221;<\/p>\n<p>Mawiano kiedy\u015b, \u017ce\u00a0cz\u0142owiek bez\u00a0\u0142a\u017ani jest jak cia\u0142o bez\u00a0duszy. St\u0105d te\u017c nies\u0142abn\u0105ca popularno\u015b\u0107 tej\u00a0formy sp\u0119dzania czasu.\u00a0Bania, czyli inaczej ruska sauna to\u00a0klinika odnowy biologicznej, zwierciad\u0142o narodowej historii. Ten jak\u017ce popularny narodowy rytua\u0142 wieki temu wr\u00f3s\u0142 w\u00a0tradycj\u0119 i\u00a0\u015bmia\u0142o mo\u017ce by\u0107 okre\u015blany jako pewnego rodzaju skrzy\u017cowanie religii z\u00a0filozofi\u0105, uwiecznione w\u00a0literaturze, przys\u0142owiach i\u00a0sztuce. Dzi\u015b bania to\u00a0przede wszystkim miejsce relaksu i\u00a0forma sp\u0119dzania wolnego czasu z\u00a0przyjaci\u00f3\u0142mi, a\u00a0przy okazji ma\u00a0dobroczynny wp\u0142yw na\u00a0organizm cz\u0142owieka, oczyszcza, hartuje, leczy i\u00a0odm\u0142adza\u2026 Energia \u017cywego ognia, zapach drewna, temperatura i\u00a0wilgotno\u015b\u0107 \u2013 wszystko to\u00a0sprawi, \u017ce\u00a0poczujesz du\u017c\u0105 ulg\u0119 i\u00a0lekko\u015b\u0107 w\u00a0ciele. To\u00a0bardzo przyjemne uczucie.<\/p>\n<p><strong><em>Pakiet 3 dniowego pobytu (2 noclegi) w\u00a0terminie 6-8 listopada 2026 r zawiera:<\/em><\/strong><\/p>\n<ul>\n<li>2 noclegi ze\u00a0\u015bniadaniami<\/li>\n<li>1 kolacj\u0119 z\u00a0tradycyjnymi potrawami podlaskimi,<\/li>\n<li>1 ognisko pod\u00a0zadaszeniem biesiadnym z\u00a0regionalnymi daniami, pieczeniem kie\u0142basek<\/li>\n<li>kresowy pocz\u0119stunek<\/li>\n<\/ul>\n<p><span style=\"color: #333333; font-family: Alegreya, serif; font-size: 1.2857em;\">Atrakcje:<\/span><\/p>\n<ul>\n<li>Baniowanie czyli rozgrzanie cia\u0142a w\u00a0Ruskiej Bani w\u00a0tzw. \u201epari\u0142ce\u201d z\u00a0piecem opalanym drewnem (usuwanie toksyn)<\/li>\n<li>orze\u017awienie w\u00a0drewnianej balii z\u00a0zimn\u0105 wod\u0105 (hartowanie). Nagrzewanie i\u00a0ozi\u0119bianie cia\u0142a na\u00a0przemian pobudzaj\u0105 odporno\u015b\u0107 i\u00a0wydolno\u015b\u0107 organizmu, \u0142agodzi b\u00f3le mi\u0119\u015bni i\u00a0staw\u00f3w, dzia\u0142a przeciw depresyjnie, relaksuje i\u00a0odpr\u0119\u017ca.<\/li>\n<li>relaksuj\u0105ca k\u0105piel w\u00a0drewnianych beczkach z\u00a0podgrzewan\u0105 wod\u0105<\/li>\n<li>sucha i\u00a0mokra sauna<\/li>\n<li>gaw\u0119dy i spacer po Zaborku z przewodnikiem<\/li>\n<\/ul>\n<p><span style=\"color: #333333; font-family: Alegreya, serif; font-size: 1.2857em;\">Propozycje sp\u0119dzenia wolnego czasu:<\/span><\/p>\n<div dir=\"ltr\" data-angle=\"0\" data-font-name=\"g_font_963_0\" data-canvas-width=\"21.9144\">\n<div dir=\"ltr\" data-angle=\"0\" data-font-name=\"g_font_963_0\" data-canvas-width=\"21.9144\">\n<ul>\n<li>mo\u017cliwo\u015b\u0107 w\u0119dr\u00f3wek z\u00a0kijami Nordic Walking<\/li>\n<li>indywidualne spacery po\u00a0Zaborku, okolicy i\u00a0Parku Krajobrazowym \u201ePodlaski Prze\u0142om Bugu\u201d<\/li>\n<li>dost\u0119pne boiska sportowe, kort tenisowy, plac zabaw i\u00a0domek \u201eBaby Jagi\u201d, tyrolka<\/li>\n<li>si\u0142ownia fitness na\u00a0\u015bwie\u017cym powietrzu<\/li>\n<li>paszport Tropiciela, \u015bcie\u017cka przyrodnicza, szlak skansenowy &#8211; wycieczki z\u00a0map\u0105 po\u00a0pi\u0119knych zak\u0105tkach naszego Zaborka<\/li>\n<li>przeszklona wiata rekreacyjno-wypoczynkowa ze\u00a0sto\u0142em do\u00a0ping-ponga, pi\u0142karzykami<\/li>\n<li>biblioteczka i\u00a0gry planszowe do\u00a0dyspozycji Go\u015bci<\/li>\n<li>programy dla dzieci: podchody, quest,, krasnale, przyrodnik na\u00a0tropie<\/li>\n<\/ul>\n<h3>Cena pakietu:<\/h3>\n<ul>\n<li>dla 1 os.\u00a0w\u00a0pokoju II\u00a0os.\u00a0&#8211; od\u00a0<strong>848 z\u0142<\/strong><\/li>\n<li>dla 1 os.\u00a0w\u00a0pokoju I\u00a0os.\u00a0&#8211; od\u00a0<strong>1048 z\u0142<\/strong><\/li>\n<li>dop\u0142ata za\u00a0pobyt dziecka w\u00a0wieku 3-12 lat (dostawka do\u00a0pokoju rodzic\u00f3w) &#8211; <strong>548 z\u0142<\/strong><\/li>\n<\/ul>\n<\/div>\n<\/div>\n<p>[\/et_pb_text][et_pb_text admin_label=&#8221;Text&#8221; _builder_version=&#8221;4.27.0&#8243; background_size=&#8221;initial&#8221; background_position=&#8221;top_left&#8221; background_repeat=&#8221;repeat&#8221; use_border_color=&#8221;off&#8221; border_color=&#8221;#ffffff&#8221; border_style=&#8221;solid&#8221; global_colors_info=&#8221;{}&#8221;]<\/p>\n<div dir=\"ltr\" data-angle=\"0\" data-font-name=\"g_font_963_0\" data-canvas-width=\"21.9144\"><strong>UWAGA: <\/strong><\/div>\n<div dir=\"ltr\" data-angle=\"0\" data-font-name=\"g_font_963_0\" data-canvas-width=\"21.9144\">\n<ul>\n<li>Niewykorzystanie kt\u00f3regokolwiek elementu wchodz\u0105cego w&nbsp;sk\u0142ad pakietu &#8211; nie&nbsp;zmniejsza jego warto\u015bci.<\/li>\n<li>Oferta dotyczy pobyt\u00f3w w&nbsp;pokojach Standard typu twin z&nbsp;mo\u017cliwo\u015bci\u0105 zrobienia dostawek dla dzieci<\/li>\n<li>Istnieje mo\u017cliwo\u015b\u0107 przed\u0142u\u017cenia pobytu na&nbsp;kolejne dni oraz&nbsp;wykupienia obiad\u00f3w w&nbsp;Restauracji Zaborek,<\/li>\n<li>Dzieci do&nbsp;3 roku gratis.<\/li>\n<li>Bezp\u0142atne Wi-Fi i&nbsp;miejsce postojowe.<\/li>\n<li>Mo\u017cliwo\u015b\u0107 \u0142adowania samochod\u00f3w elektrycznych za&nbsp;dodatkow\u0105 op\u0142at\u0105<\/li>\n<li>Op\u0142ata za&nbsp;\u201eczworono\u017cnego przyjaciela\u201d 50 z\u0142\\ dob\u0119<\/li>\n<li>Doba hotelowa rozpoczyna si\u0119 o&nbsp;godzinie 15.00 a&nbsp;ko\u0144czy o&nbsp;11.00 nast\u0119pnego dnia.<\/li>\n<\/ul>\n<\/div>\n<div dir=\"ltr\" data-angle=\"0\" data-font-name=\"g_font_963_0\" data-canvas-width=\"21.9144\"><strong>Na\u00a0\u017cyczenie go\u015bci istnieje mo\u017cliwo\u015b\u0107 poszerzenia us\u0142ug o\u00a0dodatkowe propozycje (za\u00a0dodatkow\u0105 op\u0142at\u0105): <\/strong><\/div>\n<div dir=\"ltr\" data-angle=\"0\" data-font-name=\"g_font_963_0\" data-canvas-width=\"21.9144\">\n<ul>\n<li style=\"list-style-type: none;\">\n<ul>\n<li>Zwiedzanie z&nbsp;przewodnikiem s\u0142ynnej Stadniny Koni Arabskich w&nbsp;Janowie Podlaskim<\/li>\n<li>Zwiedzanie z&nbsp;przewodnikiem zabytk\u00f3w Janowa Podlaskiego<\/li>\n<li>Jazdy konne z&nbsp;instruktorem w&nbsp;pobliskiej Stajni \u201eFor Pleasure\u201d. Zach\u0119camy do&nbsp;wcze\u015bniejszej rezerwacji tel.&nbsp;607\u00a0535\u00a0358<\/li>\n<li>Kr\u00f3tka przeja\u017cd\u017cka \u201ekonn\u0105 taks\u00f3wk\u0105\u201d po&nbsp;Janowie Podlaskim<\/li>\n<li>Przeja\u017cd\u017cki po&nbsp;Zaborku i&nbsp;okolicy wozami konnymi.<\/li>\n<li>Masa\u017ce i&nbsp;zabiegi SPA, Rezerwacja 519\u00a0088 075<strong><em>\u00a0\u00a0\u00a0\u00a0<\/em><\/strong><\/li>\n<\/ul>\n<\/li>\n<\/ul>\n<p><strong>Serdecznie zapraszamy do\u00a0Zaborka\u00a0<\/strong><br \/>\n<strong>\u017byczymy mi\u0142ego pobytu &#8211; W\u0142a\u015bciciele\u00a0\u00a0 <\/strong><\/p>\n<\/div>\n<p>[\/et_pb_text][\/et_pb_column][\/et_pb_row][\/et_pb_section][et_pb_section fb_built=&#8221;1&#8243; admin_label=&#8221;Get In Touch Section&#8221; _builder_version=&#8221;4.16&#8243; background_color=&#8221;#1e1d1c&#8221; custom_margin=&#8221;-31px|||||&#8221; custom_padding=&#8221;0px||90px|||&#8221; global_colors_info=&#8221;{}&#8221;][et_pb_row admin_label=&#8221;Get In Touch Area&#8221; module_id=&#8221;ds-top-toggle&#8221; _builder_version=&#8221;4.16&#8243; background_color=&#8221;rgba(0,0,0,0)&#8221; width=&#8221;100%&#8221; module_alignment=&#8221;center&#8221; custom_margin=&#8221;|auto||224px||&#8221; custom_padding=&#8221;0px||10px|0px||&#8221; global_colors_info=&#8221;{}&#8221;][et_pb_column type=&#8221;4_4&#8243; _builder_version=&#8221;4.16&#8243; custom_padding=&#8221;|||&#8221; global_colors_info=&#8221;{}&#8221; custom_padding__hover=&#8221;|||&#8221;][et_pb_divider color=&#8221;#fdb467&#8243; divider_position=&#8221;center&#8221; divider_weight=&#8221;3px&#8221; _builder_version=&#8221;4.16&#8243; max_width=&#8221;50px&#8221; module_alignment=&#8221;center&#8221; custom_margin=&#8221;||20px|&#8221; animation_style=&#8221;slide&#8221; animation_intensity_slide=&#8221;10%&#8221; animation_starting_opacity=&#8221;100%&#8221; locked=&#8221;off&#8221; global_colors_info=&#8221;{}&#8221;][\/et_pb_divider][et_pb_text admin_label=&#8221;Title&#8221; _builder_version=&#8221;4.16&#8243; text_font=&#8221;||||||||&#8221; header_font=&#8221;||||||||&#8221; header_2_font=&#8221;Poppins|600|||||||&#8221; header_2_font_size=&#8221;36px&#8221; header_2_line_height=&#8221;1.2em&#8221; text_orientation=&#8221;center&#8221; background_layout=&#8221;dark&#8221; max_width=&#8221;550px&#8221; module_alignment=&#8221;center&#8221; custom_margin=&#8221;||0px|&#8221; custom_padding=&#8221;0px|||||&#8221; animation_style=&#8221;fade&#8221; locked=&#8221;off&#8221; global_colors_info=&#8221;{}&#8221;]<\/p>\n<h2>Zapytaj o&nbsp;ofert\u0119<\/h2>\n<p>&nbsp;<\/p>\n<p>[\/et_pb_text][et_pb_contact_form captcha=&#8221;off&#8221; email=&#8221;pensjonat@zaborek.com.pl&#8221; custom_message=&#8221;Zapytanie ze strony www.zaborek.com.pl||et_pb_line_break_holder||||et_pb_line_break_holder||Imi\u0119: %%First_Name%%||et_pb_line_break_holder||Nazwisko : %%Last_Name%%||et_pb_line_break_holder||Email: %%Email%%||et_pb_line_break_holder||Telefon: %%Phone%%||et_pb_line_break_holder||||et_pb_line_break_holder||Zapytanie dotyczy: %%Topic%%||et_pb_line_break_holder||||et_pb_line_break_holder||Tre\u015b\u0107 wiadomo\u015b\u0107:||et_pb_line_break_holder||%%Message%%&#8221; success_message=&#8221;Dzi\u0119kujemy. Twoja wiadomo\u015b\u0107 zosta\u0142a wys\u0142ana poprawnie. Skontaktujemy si\u0119 Tob\u0105 z przygotowan\u0105 ofert\u0105.&#8221; submit_button_text=&#8221;Wy\u015blij&#8221; module_id=&#8221;et_pb_contact_form_0&#8243; _builder_version=&#8221;4.27.0&#8243; _unique_id=&#8221;0f3a3b67-9eb8-43a5-a6cc-579a91e3e32f&#8221; form_field_background_color=&#8221;#ffffff&#8221; form_field_text_color=&#8221;#6d6d6d&#8221; form_field_focus_background_color=&#8221;#ffffff&#8221; form_field_focus_text_color=&#8221;#000000&#8243; title_font=&#8221;||||||||&#8221; title_text_color=&#8221;#e02b20&#8243; captcha_text_color=&#8221;#ffffff&#8221; form_field_font=&#8221;Poppins||||||||&#8221; form_field_font_size=&#8221;16px&#8221; custom_button=&#8221;on&#8221; button_text_size=&#8221;14px&#8221; button_text_color=&#8221;#ffffff&#8221; button_bg_color=&#8221;#fdb467&#8243; button_border_width=&#8221;8px&#8221; button_border_color=&#8221;#fdb467&#8243; button_border_radius=&#8221;0px&#8221; button_letter_spacing=&#8221;2px&#8221; button_font=&#8221;Poppins|600||on|||||&#8221; button_icon=&#8221;&#xe076;||divi||400&#8243; button_icon_color=&#8221;#000000&#8243; max_width=&#8221;750px&#8221; module_alignment=&#8221;center&#8221; animation_style=&#8221;fade&#8221; global_colors_info=&#8221;{}&#8221;][et_pb_contact_field field_id=&#8221;First_Name&#8221; field_title=&#8221;Imi\u0119&#8221; _builder_version=&#8221;4.16&#8243; global_colors_info=&#8221;{}&#8221; button_text_size__hover_enabled=&#8221;off&#8221; button_one_text_size__hover_enabled=&#8221;off&#8221; button_two_text_size__hover_enabled=&#8221;off&#8221; button_text_color__hover_enabled=&#8221;off&#8221; button_one_text_color__hover_enabled=&#8221;off&#8221; button_two_text_color__hover_enabled=&#8221;off&#8221; button_border_width__hover_enabled=&#8221;off&#8221; button_one_border_width__hover_enabled=&#8221;off&#8221; button_two_border_width__hover_enabled=&#8221;off&#8221; button_border_color__hover_enabled=&#8221;off&#8221; button_one_border_color__hover_enabled=&#8221;off&#8221; button_two_border_color__hover_enabled=&#8221;off&#8221; button_border_radius__hover_enabled=&#8221;off&#8221; button_one_border_radius__hover_enabled=&#8221;off&#8221; button_two_border_radius__hover_enabled=&#8221;off&#8221; button_letter_spacing__hover_enabled=&#8221;off&#8221; button_one_letter_spacing__hover_enabled=&#8221;off&#8221; button_two_letter_spacing__hover_enabled=&#8221;off&#8221; button_bg_color__hover_enabled=&#8221;off&#8221; button_one_bg_color__hover_enabled=&#8221;off&#8221; button_two_bg_color__hover_enabled=&#8221;off&#8221;][\/et_pb_contact_field][et_pb_contact_field field_id=&#8221;Last_Name&#8221; field_title=&#8221;Nazwisko&#8221; _builder_version=&#8221;4.16&#8243; global_colors_info=&#8221;{}&#8221; button_text_size__hover_enabled=&#8221;off&#8221; button_one_text_size__hover_enabled=&#8221;off&#8221; button_two_text_size__hover_enabled=&#8221;off&#8221; button_text_color__hover_enabled=&#8221;off&#8221; button_one_text_color__hover_enabled=&#8221;off&#8221; button_two_text_color__hover_enabled=&#8221;off&#8221; button_border_width__hover_enabled=&#8221;off&#8221; button_one_border_width__hover_enabled=&#8221;off&#8221; button_two_border_width__hover_enabled=&#8221;off&#8221; button_border_color__hover_enabled=&#8221;off&#8221; button_one_border_color__hover_enabled=&#8221;off&#8221; button_two_border_color__hover_enabled=&#8221;off&#8221; button_border_radius__hover_enabled=&#8221;off&#8221; button_one_border_radius__hover_enabled=&#8221;off&#8221; button_two_border_radius__hover_enabled=&#8221;off&#8221; button_letter_spacing__hover_enabled=&#8221;off&#8221; button_one_letter_spacing__hover_enabled=&#8221;off&#8221; button_two_letter_spacing__hover_enabled=&#8221;off&#8221; button_bg_color__hover_enabled=&#8221;off&#8221; button_one_bg_color__hover_enabled=&#8221;off&#8221; button_two_bg_color__hover_enabled=&#8221;off&#8221;][\/et_pb_contact_field][et_pb_contact_field field_id=&#8221;Email&#8221; field_title=&#8221;Email&#8221; field_type=&#8221;email&#8221; _builder_version=&#8221;4.16&#8243; global_colors_info=&#8221;{}&#8221; button_text_size__hover_enabled=&#8221;off&#8221; button_one_text_size__hover_enabled=&#8221;off&#8221; button_two_text_size__hover_enabled=&#8221;off&#8221; button_text_color__hover_enabled=&#8221;off&#8221; button_one_text_color__hover_enabled=&#8221;off&#8221; button_two_text_color__hover_enabled=&#8221;off&#8221; button_border_width__hover_enabled=&#8221;off&#8221; button_one_border_width__hover_enabled=&#8221;off&#8221; button_two_border_width__hover_enabled=&#8221;off&#8221; button_border_color__hover_enabled=&#8221;off&#8221; button_one_border_color__hover_enabled=&#8221;off&#8221; button_two_border_color__hover_enabled=&#8221;off&#8221; button_border_radius__hover_enabled=&#8221;off&#8221; button_one_border_radius__hover_enabled=&#8221;off&#8221; button_two_border_radius__hover_enabled=&#8221;off&#8221; button_letter_spacing__hover_enabled=&#8221;off&#8221; button_one_letter_spacing__hover_enabled=&#8221;off&#8221; button_two_letter_spacing__hover_enabled=&#8221;off&#8221; button_bg_color__hover_enabled=&#8221;off&#8221; button_one_bg_color__hover_enabled=&#8221;off&#8221; button_two_bg_color__hover_enabled=&#8221;off&#8221;][\/et_pb_contact_field][et_pb_contact_field field_id=&#8221;Phone&#8221; field_title=&#8221;Telefon&#8221; _builder_version=&#8221;4.16&#8243; global_colors_info=&#8221;{}&#8221; button_text_size__hover_enabled=&#8221;off&#8221; button_one_text_size__hover_enabled=&#8221;off&#8221; button_two_text_size__hover_enabled=&#8221;off&#8221; button_text_color__hover_enabled=&#8221;off&#8221; button_one_text_color__hover_enabled=&#8221;off&#8221; button_two_text_color__hover_enabled=&#8221;off&#8221; button_border_width__hover_enabled=&#8221;off&#8221; button_one_border_width__hover_enabled=&#8221;off&#8221; button_two_border_width__hover_enabled=&#8221;off&#8221; button_border_color__hover_enabled=&#8221;off&#8221; button_one_border_color__hover_enabled=&#8221;off&#8221; button_two_border_color__hover_enabled=&#8221;off&#8221; button_border_radius__hover_enabled=&#8221;off&#8221; button_one_border_radius__hover_enabled=&#8221;off&#8221; button_two_border_radius__hover_enabled=&#8221;off&#8221; button_letter_spacing__hover_enabled=&#8221;off&#8221; button_one_letter_spacing__hover_enabled=&#8221;off&#8221; button_two_letter_spacing__hover_enabled=&#8221;off&#8221; button_bg_color__hover_enabled=&#8221;off&#8221; button_one_bg_color__hover_enabled=&#8221;off&#8221; button_two_bg_color__hover_enabled=&#8221;off&#8221;][\/et_pb_contact_field][et_pb_contact_field field_id=&#8221;Topic&#8221; field_title=&#8221;Wybierz czego ma dotyczy\u0107 oferta&#8221; field_type=&#8221;select&#8221; select_options=&#8221;%91{%22value%22:%22Jesienne baniowanie w Zaborku z\u00a0Bani\u0105 6.11-8.11.2026r.%22,%22checked%22:0,%22dragID%22:-1}%93&#8243; fullwidth_field=&#8221;on&#8221; _builder_version=&#8221;4.27.0&#8243; global_colors_info=&#8221;{}&#8221;][\/et_pb_contact_field][et_pb_contact_field field_id=&#8221;Message&#8221; field_title=&#8221;Wiadomo\u015b\u0107&#8221; field_type=&#8221;text&#8221; fullwidth_field=&#8221;on&#8221; _builder_version=&#8221;4.16&#8243; global_colors_info=&#8221;{}&#8221;][\/et_pb_contact_field][et_pb_contact_field field_id=&#8221;Regulamin&#8221; field_title=&#8221; &#8221; field_type=&#8221;checkbox&#8221; checkbox_options=&#8221;%91{%22value%22:%22 Akceptuj\u0119 regulamin oraz wyra\u017cam zgod\u0119 na przetwarzanie wy\u017cej podanych danych w celu otrzymania oferty.%22,%22checked%22:0,%22dragID%22:-1,%22link_url%22:%22http:\/\/www.zaborek.com.pl\/project\/regulamin\/%22}%93&#8243; fullwidth_field=&#8221;on&#8221; _builder_version=&#8221;4.16&#8243; form_field_text_color=&#8221;#e09900&#8243; link_option_url=&#8221;http:\/\/www.zaborek.com.pl\/project\/regulamin\/&#8221; global_colors_info=&#8221;{}&#8221;][\/et_pb_contact_field][\/et_pb_contact_form][\/et_pb_column][\/et_pb_row][\/et_pb_section]<\/p>\n","protected":false},"excerpt":{"rendered":"<p>JESIENNE BANIOWANIE W\u00a0ZABORKU &#8222;Z DALA OD ZGIE\u0141KU, BLISKO NATURY&#8221; Mawiano kiedy\u015b, \u017ce\u00a0cz\u0142owiek bez\u00a0\u0142a\u017ani jest jak cia\u0142o bez\u00a0duszy. St\u0105d te\u017c nies\u0142abn\u0105ca popularno\u015b\u0107 tej\u00a0formy sp\u0119dzania czasu.\u00a0Bania, czyli inaczej ruska sauna to\u00a0klinika odnowy biologicznej, zwierciad\u0142o narodowej historii. Ten jak\u017ce popularny narodowy rytua\u0142 wieki temu wr\u00f3s\u0142 w\u00a0tradycj\u0119 i\u00a0\u015bmia\u0142o mo\u017ce by\u0107 okre\u015blany jako pewnego rodzaju skrzy\u017cowanie religii z\u00a0filozofi\u0105, uwiecznione w\u00a0literaturze, [&hellip;]<\/p>\n","protected":false},"author":2,"featured_media":10747,"comment_status":"open","ping_status":"closed","template":"","meta":{"_et_pb_use_builder":"on","_et_pb_old_content":"","_et_gb_content_width":"","om_disable_all_campaigns":false,"_monsterinsights_skip_tracking":false,"footnotes":""},"project_category":[51],"project_tag":[309,306,109,105,155,308,307,110,106],"class_list":["post-3237","project","type-project","status-publish","has-post-thumbnail","hentry","project_category-oferta-indywidualna","project_tag-balie","project_tag-baniowanie","project_tag-integracja","project_tag-janow-podlaski","project_tag-miejsce-z-klimatem","project_tag-ruska-sauna","project_tag-sauny","project_tag-stadnina-koni","project_tag-wypoczynek"],"aioseo_notices":[],"aioseo_head":"\n\t\t<!-- All in One SEO 4.9.10 - aioseo.com -->\n\t<meta name=\"description\" content=\"JESIENNE BANIOWANIE W ZABORKU JESIENNE BANIOWANIE W ZABORKU \u201eZ DALA OD ZGIE\u0141KU, BLISKO NATURY\u201d Mawiano kiedy\u015b, \u017ce cz\u0142owiek bez \u0142a\u017ani jest jak cia\u0142o bez duszy. St\u0105d te\u017c nies\u0142abn\u0105ca popularno\u015b\u0107 tej formy sp\u0119dzania czasu. Bania, czyli inaczej ruska sauna to klinika odnowy biologicznej, zwierciad\u0142o narodowej historii. Ten jak\u017ce popularny narodowy rytua\u0142 wieki temu wr\u00f3s\u0142 w tradycj\u0119 i \u015bmia\u0142o mo\u017ce by\u0107 okre\u015blany jako pewnego rodzaju skrzy\u017cowanie religii z filozofi\u0105, uwiecznione\" \/>\n\t<meta name=\"robots\" content=\"max-image-preview:large\" \/>\n\t<meta name=\"author\" content=\"Tomasz Szczepaniak\"\/>\n\t<link rel=\"canonical\" href=\"https:\/\/www.zaborek.com.pl\/miejsce-z-klimatem\/project\/jesienny-weekend-z-bania\/\" \/>\n\t<meta name=\"generator\" content=\"All in One SEO (AIOSEO) 4.9.10\" \/>\n\t\t<meta property=\"og:locale\" content=\"pl_PL\" \/>\n\t\t<meta property=\"og:site_name\" content=\"Pensjonat Uroczysko Zaborek - Miejsce z klimatem\" \/>\n\t\t<meta property=\"og:type\" content=\"article\" \/>\n\t\t<meta property=\"og:title\" content=\"JESIENNE BANIOWANIE W ZABORKU - Pensjonat Uroczysko Zaborek\" \/>\n\t\t<meta property=\"og:description\" content=\"JESIENNE BANIOWANIE W ZABORKU JESIENNE BANIOWANIE W ZABORKU \u201eZ DALA OD ZGIE\u0141KU, BLISKO NATURY\u201d Mawiano kiedy\u015b, \u017ce cz\u0142owiek bez \u0142a\u017ani jest jak cia\u0142o bez duszy. St\u0105d te\u017c nies\u0142abn\u0105ca popularno\u015b\u0107 tej formy sp\u0119dzania czasu. Bania, czyli inaczej ruska sauna to klinika odnowy biologicznej, zwierciad\u0142o narodowej historii. Ten jak\u017ce popularny narodowy rytua\u0142 wieki temu wr\u00f3s\u0142 w tradycj\u0119 i \u015bmia\u0142o mo\u017ce by\u0107 okre\u015blany jako pewnego rodzaju skrzy\u017cowanie religii z filozofi\u0105, uwiecznione\" \/>\n\t\t<meta property=\"og:url\" content=\"https:\/\/www.zaborek.com.pl\/miejsce-z-klimatem\/project\/jesienny-weekend-z-bania\/\" \/>\n\t\t<meta property=\"article:published_time\" content=\"2020-09-02T14:10:37+00:00\" \/>\n\t\t<meta property=\"article:modified_time\" content=\"2026-08-26T10:49:44+00:00\" \/>\n\t\t<meta property=\"article:publisher\" content=\"https:\/\/www.facebook.com\/PensjonatUroczyskoZaborek\" \/>\n\t\t<meta name=\"twitter:card\" content=\"summary_large_image\" \/>\n\t\t<meta name=\"twitter:title\" content=\"JESIENNE BANIOWANIE W ZABORKU - Pensjonat Uroczysko Zaborek\" \/>\n\t\t<meta name=\"twitter:description\" content=\"JESIENNE BANIOWANIE W ZABORKU JESIENNE BANIOWANIE W ZABORKU \u201eZ DALA OD ZGIE\u0141KU, BLISKO NATURY\u201d Mawiano kiedy\u015b, \u017ce cz\u0142owiek bez \u0142a\u017ani jest jak cia\u0142o bez duszy. St\u0105d te\u017c nies\u0142abn\u0105ca popularno\u015b\u0107 tej formy sp\u0119dzania czasu. Bania, czyli inaczej ruska sauna to klinika odnowy biologicznej, zwierciad\u0142o narodowej historii. Ten jak\u017ce popularny narodowy rytua\u0142 wieki temu wr\u00f3s\u0142 w tradycj\u0119 i \u015bmia\u0142o mo\u017ce by\u0107 okre\u015blany jako pewnego rodzaju skrzy\u017cowanie religii z filozofi\u0105, uwiecznione\" \/>\n\t\t<script type=\"application\/ld+json\" class=\"aioseo-schema\">\n\t\t\t{\"@context\":\"https:\\\/\\\/schema.org\",\"@graph\":[{\"@type\":\"BreadcrumbList\",\"@id\":\"https:\\\/\\\/www.zaborek.com.pl\\\/miejsce-z-klimatem\\\/project\\\/jesienny-weekend-z-bania\\\/#breadcrumblist\",\"itemListElement\":[{\"@type\":\"ListItem\",\"@id\":\"https:\\\/\\\/www.zaborek.com.pl\\\/miejsce-z-klimatem#listItem\",\"position\":1,\"name\":\"Dom\",\"item\":\"https:\\\/\\\/www.zaborek.com.pl\\\/miejsce-z-klimatem\",\"nextItem\":{\"@type\":\"ListItem\",\"@id\":\"https:\\\/\\\/www.zaborek.com.pl\\\/miejsce-z-klimatem\\\/project\\\/#listItem\",\"name\":\"Projekty\"}},{\"@type\":\"ListItem\",\"@id\":\"https:\\\/\\\/www.zaborek.com.pl\\\/miejsce-z-klimatem\\\/project\\\/#listItem\",\"position\":2,\"name\":\"Projekty\",\"item\":\"https:\\\/\\\/www.zaborek.com.pl\\\/miejsce-z-klimatem\\\/project\\\/\",\"nextItem\":{\"@type\":\"ListItem\",\"@id\":\"https:\\\/\\\/www.zaborek.com.pl\\\/miejsce-z-klimatem\\\/project_category\\\/oferta-indywidualna\\\/#listItem\",\"name\":\"oferta indywidualna\"},\"previousItem\":{\"@type\":\"ListItem\",\"@id\":\"https:\\\/\\\/www.zaborek.com.pl\\\/miejsce-z-klimatem#listItem\",\"name\":\"Dom\"}},{\"@type\":\"ListItem\",\"@id\":\"https:\\\/\\\/www.zaborek.com.pl\\\/miejsce-z-klimatem\\\/project_category\\\/oferta-indywidualna\\\/#listItem\",\"position\":3,\"name\":\"oferta indywidualna\",\"item\":\"https:\\\/\\\/www.zaborek.com.pl\\\/miejsce-z-klimatem\\\/project_category\\\/oferta-indywidualna\\\/\",\"nextItem\":{\"@type\":\"ListItem\",\"@id\":\"https:\\\/\\\/www.zaborek.com.pl\\\/miejsce-z-klimatem\\\/project\\\/jesienny-weekend-z-bania\\\/#listItem\",\"name\":\"JESIENNE BANIOWANIE W ZABORKU\"},\"previousItem\":{\"@type\":\"ListItem\",\"@id\":\"https:\\\/\\\/www.zaborek.com.pl\\\/miejsce-z-klimatem\\\/project\\\/#listItem\",\"name\":\"Projekty\"}},{\"@type\":\"ListItem\",\"@id\":\"https:\\\/\\\/www.zaborek.com.pl\\\/miejsce-z-klimatem\\\/project\\\/jesienny-weekend-z-bania\\\/#listItem\",\"position\":4,\"name\":\"JESIENNE BANIOWANIE W ZABORKU\",\"previousItem\":{\"@type\":\"ListItem\",\"@id\":\"https:\\\/\\\/www.zaborek.com.pl\\\/miejsce-z-klimatem\\\/project_category\\\/oferta-indywidualna\\\/#listItem\",\"name\":\"oferta indywidualna\"}}]},{\"@type\":\"Organization\",\"@id\":\"https:\\\/\\\/www.zaborek.com.pl\\\/miejsce-z-klimatem\\\/#organization\",\"name\":\"Pensjonat Uroczysko Zaborek Pensjonat Uroczysko Zaborek\",\"description\":\"Miejsce z klimatem Miejsce z klimatem\",\"url\":\"https:\\\/\\\/www.zaborek.com.pl\\\/miejsce-z-klimatem\\\/\",\"telephone\":\"+48833413068\",\"logo\":{\"@type\":\"ImageObject\",\"url\":\"https:\\\/\\\/www.zaborek.com.pl\\\/wp-content\\\/uploads\\\/2024\\\/09\\\/Logo-witryny.jpg\",\"@id\":\"https:\\\/\\\/www.zaborek.com.pl\\\/miejsce-z-klimatem\\\/project\\\/jesienny-weekend-z-bania\\\/#organizationLogo\",\"width\":512,\"height\":512},\"image\":{\"@id\":\"https:\\\/\\\/www.zaborek.com.pl\\\/miejsce-z-klimatem\\\/project\\\/jesienny-weekend-z-bania\\\/#organizationLogo\"},\"sameAs\":[\"https:\\\/\\\/www.facebook.com\\\/PensjonatUroczyskoZaborek\",\"https:\\\/\\\/www.instagram.com\\\/pensjonat_uroczysko_zaborek\\\/\"]},{\"@type\":\"Person\",\"@id\":\"https:\\\/\\\/www.zaborek.com.pl\\\/miejsce-z-klimatem\\\/author\\\/tomek\\\/#author\",\"url\":\"https:\\\/\\\/www.zaborek.com.pl\\\/miejsce-z-klimatem\\\/author\\\/tomek\\\/\",\"name\":\"Tomasz Szczepaniak\",\"image\":{\"@type\":\"ImageObject\",\"@id\":\"https:\\\/\\\/www.zaborek.com.pl\\\/miejsce-z-klimatem\\\/project\\\/jesienny-weekend-z-bania\\\/#authorImage\",\"url\":\"https:\\\/\\\/secure.gravatar.com\\\/avatar\\\/39a4ffd4bb886cba873f813f8fdbd9ffa09ff0c2df4a440e0ed6972ec3ed1f37?s=96&d=mm&r=g\",\"width\":96,\"height\":96,\"caption\":\"Tomasz Szczepaniak\"}},{\"@type\":\"WebPage\",\"@id\":\"https:\\\/\\\/www.zaborek.com.pl\\\/miejsce-z-klimatem\\\/project\\\/jesienny-weekend-z-bania\\\/#webpage\",\"url\":\"https:\\\/\\\/www.zaborek.com.pl\\\/miejsce-z-klimatem\\\/project\\\/jesienny-weekend-z-bania\\\/\",\"name\":\"JESIENNE BANIOWANIE W ZABORKU - Pensjonat Uroczysko Zaborek\",\"description\":\"JESIENNE BANIOWANIE W ZABORKU JESIENNE BANIOWANIE W ZABORKU \\u201eZ DALA OD ZGIE\\u0141KU, BLISKO NATURY\\u201d Mawiano kiedy\\u015b, \\u017ce cz\\u0142owiek bez \\u0142a\\u017ani jest jak cia\\u0142o bez duszy. St\\u0105d te\\u017c nies\\u0142abn\\u0105ca popularno\\u015b\\u0107 tej formy sp\\u0119dzania czasu. Bania, czyli inaczej ruska sauna to klinika odnowy biologicznej, zwierciad\\u0142o narodowej historii. Ten jak\\u017ce popularny narodowy rytua\\u0142 wieki temu wr\\u00f3s\\u0142 w tradycj\\u0119 i \\u015bmia\\u0142o mo\\u017ce by\\u0107 okre\\u015blany jako pewnego rodzaju skrzy\\u017cowanie religii z filozofi\\u0105, uwiecznione\",\"inLanguage\":\"pl-PL\",\"isPartOf\":{\"@id\":\"https:\\\/\\\/www.zaborek.com.pl\\\/miejsce-z-klimatem\\\/#website\"},\"breadcrumb\":{\"@id\":\"https:\\\/\\\/www.zaborek.com.pl\\\/miejsce-z-klimatem\\\/project\\\/jesienny-weekend-z-bania\\\/#breadcrumblist\"},\"author\":{\"@id\":\"https:\\\/\\\/www.zaborek.com.pl\\\/miejsce-z-klimatem\\\/author\\\/tomek\\\/#author\"},\"creator\":{\"@id\":\"https:\\\/\\\/www.zaborek.com.pl\\\/miejsce-z-klimatem\\\/author\\\/tomek\\\/#author\"},\"image\":{\"@type\":\"ImageObject\",\"url\":\"https:\\\/\\\/www.zaborek.com.pl\\\/wp-content\\\/uploads\\\/2020\\\/09\\\/6-8.11-scaled.jpg\",\"@id\":\"https:\\\/\\\/www.zaborek.com.pl\\\/miejsce-z-klimatem\\\/project\\\/jesienny-weekend-z-bania\\\/#mainImage\",\"width\":2560,\"height\":2373},\"primaryImageOfPage\":{\"@id\":\"https:\\\/\\\/www.zaborek.com.pl\\\/miejsce-z-klimatem\\\/project\\\/jesienny-weekend-z-bania\\\/#mainImage\"},\"datePublished\":\"2020-09-02T16:10:37+02:00\",\"dateModified\":\"2026-08-26T12:49:44+02:00\"},{\"@type\":\"WebSite\",\"@id\":\"https:\\\/\\\/www.zaborek.com.pl\\\/miejsce-z-klimatem\\\/#website\",\"url\":\"https:\\\/\\\/www.zaborek.com.pl\\\/miejsce-z-klimatem\\\/\",\"name\":\"Pensjonat Uroczysko Zaborek\",\"description\":\"Miejsce z klimatem\",\"inLanguage\":\"pl-PL\",\"publisher\":{\"@id\":\"https:\\\/\\\/www.zaborek.com.pl\\\/miejsce-z-klimatem\\\/#organization\"}}]}\n\t\t<\/script>\n\t\t<!-- All in One SEO -->\n\n","aioseo_head_json":{"title":"JESIENNE BANIOWANIE W ZABORKU - Pensjonat Uroczysko Zaborek","description":"JESIENNE BANIOWANIE W ZABORKU JESIENNE BANIOWANIE W ZABORKU \u201eZ DALA OD ZGIE\u0141KU, BLISKO NATURY\u201d Mawiano kiedy\u015b, \u017ce cz\u0142owiek bez \u0142a\u017ani jest jak cia\u0142o bez duszy. St\u0105d te\u017c nies\u0142abn\u0105ca popularno\u015b\u0107 tej formy sp\u0119dzania czasu. Bania, czyli inaczej ruska sauna to klinika odnowy biologicznej, zwierciad\u0142o narodowej historii. Ten jak\u017ce popularny narodowy rytua\u0142 wieki temu wr\u00f3s\u0142 w tradycj\u0119 i \u015bmia\u0142o mo\u017ce by\u0107 okre\u015blany jako pewnego rodzaju skrzy\u017cowanie religii z filozofi\u0105, uwiecznione","canonical_url":"https:\/\/www.zaborek.com.pl\/miejsce-z-klimatem\/project\/jesienny-weekend-z-bania\/","robots":"max-image-preview:large","keywords":"","webmasterTools":{"miscellaneous":""},"schema":{"@context":"https:\/\/schema.org","@graph":[{"@type":"BreadcrumbList","@id":"https:\/\/www.zaborek.com.pl\/miejsce-z-klimatem\/project\/jesienny-weekend-z-bania\/#breadcrumblist","itemListElement":[{"@type":"ListItem","@id":"https:\/\/www.zaborek.com.pl\/miejsce-z-klimatem#listItem","position":1,"name":"Dom","item":"https:\/\/www.zaborek.com.pl\/miejsce-z-klimatem","nextItem":{"@type":"ListItem","@id":"https:\/\/www.zaborek.com.pl\/miejsce-z-klimatem\/project\/#listItem","name":"Projekty"}},{"@type":"ListItem","@id":"https:\/\/www.zaborek.com.pl\/miejsce-z-klimatem\/project\/#listItem","position":2,"name":"Projekty","item":"https:\/\/www.zaborek.com.pl\/miejsce-z-klimatem\/project\/","nextItem":{"@type":"ListItem","@id":"https:\/\/www.zaborek.com.pl\/miejsce-z-klimatem\/project_category\/oferta-indywidualna\/#listItem","name":"oferta indywidualna"},"previousItem":{"@type":"ListItem","@id":"https:\/\/www.zaborek.com.pl\/miejsce-z-klimatem#listItem","name":"Dom"}},{"@type":"ListItem","@id":"https:\/\/www.zaborek.com.pl\/miejsce-z-klimatem\/project_category\/oferta-indywidualna\/#listItem","position":3,"name":"oferta indywidualna","item":"https:\/\/www.zaborek.com.pl\/miejsce-z-klimatem\/project_category\/oferta-indywidualna\/","nextItem":{"@type":"ListItem","@id":"https:\/\/www.zaborek.com.pl\/miejsce-z-klimatem\/project\/jesienny-weekend-z-bania\/#listItem","name":"JESIENNE BANIOWANIE W ZABORKU"},"previousItem":{"@type":"ListItem","@id":"https:\/\/www.zaborek.com.pl\/miejsce-z-klimatem\/project\/#listItem","name":"Projekty"}},{"@type":"ListItem","@id":"https:\/\/www.zaborek.com.pl\/miejsce-z-klimatem\/project\/jesienny-weekend-z-bania\/#listItem","position":4,"name":"JESIENNE BANIOWANIE W ZABORKU","previousItem":{"@type":"ListItem","@id":"https:\/\/www.zaborek.com.pl\/miejsce-z-klimatem\/project_category\/oferta-indywidualna\/#listItem","name":"oferta indywidualna"}}]},{"@type":"Organization","@id":"https:\/\/www.zaborek.com.pl\/miejsce-z-klimatem\/#organization","name":"Pensjonat Uroczysko Zaborek Pensjonat Uroczysko Zaborek","description":"Miejsce z klimatem Miejsce z klimatem","url":"https:\/\/www.zaborek.com.pl\/miejsce-z-klimatem\/","telephone":"+48833413068","logo":{"@type":"ImageObject","url":"https:\/\/www.zaborek.com.pl\/wp-content\/uploads\/2024\/09\/Logo-witryny.jpg","@id":"https:\/\/www.zaborek.com.pl\/miejsce-z-klimatem\/project\/jesienny-weekend-z-bania\/#organizationLogo","width":512,"height":512},"image":{"@id":"https:\/\/www.zaborek.com.pl\/miejsce-z-klimatem\/project\/jesienny-weekend-z-bania\/#organizationLogo"},"sameAs":["https:\/\/www.facebook.com\/PensjonatUroczyskoZaborek","https:\/\/www.instagram.com\/pensjonat_uroczysko_zaborek\/"]},{"@type":"Person","@id":"https:\/\/www.zaborek.com.pl\/miejsce-z-klimatem\/author\/tomek\/#author","url":"https:\/\/www.zaborek.com.pl\/miejsce-z-klimatem\/author\/tomek\/","name":"Tomasz Szczepaniak","image":{"@type":"ImageObject","@id":"https:\/\/www.zaborek.com.pl\/miejsce-z-klimatem\/project\/jesienny-weekend-z-bania\/#authorImage","url":"https:\/\/secure.gravatar.com\/avatar\/39a4ffd4bb886cba873f813f8fdbd9ffa09ff0c2df4a440e0ed6972ec3ed1f37?s=96&d=mm&r=g","width":96,"height":96,"caption":"Tomasz Szczepaniak"}},{"@type":"WebPage","@id":"https:\/\/www.zaborek.com.pl\/miejsce-z-klimatem\/project\/jesienny-weekend-z-bania\/#webpage","url":"https:\/\/www.zaborek.com.pl\/miejsce-z-klimatem\/project\/jesienny-weekend-z-bania\/","name":"JESIENNE BANIOWANIE W ZABORKU - Pensjonat Uroczysko Zaborek","description":"JESIENNE BANIOWANIE W ZABORKU JESIENNE BANIOWANIE W ZABORKU \u201eZ DALA OD ZGIE\u0141KU, BLISKO NATURY\u201d Mawiano kiedy\u015b, \u017ce cz\u0142owiek bez \u0142a\u017ani jest jak cia\u0142o bez duszy. St\u0105d te\u017c nies\u0142abn\u0105ca popularno\u015b\u0107 tej formy sp\u0119dzania czasu. Bania, czyli inaczej ruska sauna to klinika odnowy biologicznej, zwierciad\u0142o narodowej historii. Ten jak\u017ce popularny narodowy rytua\u0142 wieki temu wr\u00f3s\u0142 w tradycj\u0119 i \u015bmia\u0142o mo\u017ce by\u0107 okre\u015blany jako pewnego rodzaju skrzy\u017cowanie religii z filozofi\u0105, uwiecznione","inLanguage":"pl-PL","isPartOf":{"@id":"https:\/\/www.zaborek.com.pl\/miejsce-z-klimatem\/#website"},"breadcrumb":{"@id":"https:\/\/www.zaborek.com.pl\/miejsce-z-klimatem\/project\/jesienny-weekend-z-bania\/#breadcrumblist"},"author":{"@id":"https:\/\/www.zaborek.com.pl\/miejsce-z-klimatem\/author\/tomek\/#author"},"creator":{"@id":"https:\/\/www.zaborek.com.pl\/miejsce-z-klimatem\/author\/tomek\/#author"},"image":{"@type":"ImageObject","url":"https:\/\/www.zaborek.com.pl\/wp-content\/uploads\/2020\/09\/6-8.11-scaled.jpg","@id":"https:\/\/www.zaborek.com.pl\/miejsce-z-klimatem\/project\/jesienny-weekend-z-bania\/#mainImage","width":2560,"height":2373},"primaryImageOfPage":{"@id":"https:\/\/www.zaborek.com.pl\/miejsce-z-klimatem\/project\/jesienny-weekend-z-bania\/#mainImage"},"datePublished":"2020-09-02T16:10:37+02:00","dateModified":"2026-08-26T12:49:44+02:00"},{"@type":"WebSite","@id":"https:\/\/www.zaborek.com.pl\/miejsce-z-klimatem\/#website","url":"https:\/\/www.zaborek.com.pl\/miejsce-z-klimatem\/","name":"Pensjonat Uroczysko Zaborek","description":"Miejsce z klimatem","inLanguage":"pl-PL","publisher":{"@id":"https:\/\/www.zaborek.com.pl\/miejsce-z-klimatem\/#organization"}}]},"og:locale":"pl_PL","og:site_name":"Pensjonat Uroczysko Zaborek - Miejsce z klimatem","og:type":"article","og:title":"JESIENNE BANIOWANIE W ZABORKU - Pensjonat Uroczysko Zaborek","og:description":"JESIENNE BANIOWANIE W ZABORKU JESIENNE BANIOWANIE W ZABORKU \u201eZ DALA OD ZGIE\u0141KU, BLISKO NATURY\u201d Mawiano kiedy\u015b, \u017ce cz\u0142owiek bez \u0142a\u017ani jest jak cia\u0142o bez duszy. St\u0105d te\u017c nies\u0142abn\u0105ca popularno\u015b\u0107 tej formy sp\u0119dzania czasu. Bania, czyli inaczej ruska sauna to klinika odnowy biologicznej, zwierciad\u0142o narodowej historii. Ten jak\u017ce popularny narodowy rytua\u0142 wieki temu wr\u00f3s\u0142 w tradycj\u0119 i \u015bmia\u0142o mo\u017ce by\u0107 okre\u015blany jako pewnego rodzaju skrzy\u017cowanie religii z filozofi\u0105, uwiecznione","og:url":"https:\/\/www.zaborek.com.pl\/miejsce-z-klimatem\/project\/jesienny-weekend-z-bania\/","article:published_time":"2020-09-02T14:10:37+00:00","article:modified_time":"2026-08-26T10:49:44+00:00","article:publisher":"https:\/\/www.facebook.com\/PensjonatUroczyskoZaborek","twitter:card":"summary_large_image","twitter:title":"JESIENNE BANIOWANIE W ZABORKU - Pensjonat Uroczysko Zaborek","twitter:description":"JESIENNE BANIOWANIE W ZABORKU JESIENNE BANIOWANIE W ZABORKU \u201eZ DALA OD ZGIE\u0141KU, BLISKO NATURY\u201d Mawiano kiedy\u015b, \u017ce cz\u0142owiek bez \u0142a\u017ani jest jak cia\u0142o bez duszy. St\u0105d te\u017c nies\u0142abn\u0105ca popularno\u015b\u0107 tej formy sp\u0119dzania czasu. Bania, czyli inaczej ruska sauna to klinika odnowy biologicznej, zwierciad\u0142o narodowej historii. Ten jak\u017ce popularny narodowy rytua\u0142 wieki temu wr\u00f3s\u0142 w tradycj\u0119 i \u015bmia\u0142o mo\u017ce by\u0107 okre\u015blany jako pewnego rodzaju skrzy\u017cowanie religii z filozofi\u0105, uwiecznione"},"aioseo_meta_data":{"post_id":"3237","title":null,"description":null,"keywords":null,"keyphrases":{"focus":{"keyphrase":"","score":0,"analysis":{"keyphraseInTitle":{"score":0,"maxScore":9,"error":1}}},"additional":[]},"primary_term":null,"canonical_url":null,"og_title":null,"og_description":null,"og_object_type":"default","og_image_type":"default","og_image_url":null,"og_image_width":null,"og_image_height":null,"og_image_custom_url":null,"og_image_custom_fields":null,"og_video":"","og_custom_url":null,"og_article_section":null,"og_article_tags":null,"twitter_use_og":false,"twitter_card":"default","twitter_image_type":"default","twitter_image_url":null,"twitter_image_custom_url":null,"twitter_image_custom_fields":null,"twitter_title":null,"twitter_description":null,"schema":{"blockGraphs":[],"customGraphs":[],"default":{"data":{"Article":[],"Course":[],"Dataset":[],"FAQPage":[],"Movie":[],"Person":[],"Product":[],"ProductReview":[],"Car":[],"Recipe":[],"Service":[],"SoftwareApplication":[],"WebPage":[]},"graphName":"WebPage","isEnabled":true},"graphs":[]},"schema_type":"default","schema_type_options":null,"pillar_content":false,"robots_default":true,"robots_noindex":false,"robots_noarchive":false,"robots_nosnippet":false,"robots_nofollow":false,"robots_noimageindex":false,"robots_noodp":false,"robots_notranslate":false,"robots_max_snippet":"-1","robots_max_videopreview":"-1","robots_max_imagepreview":"large","priority":null,"frequency":"default","local_seo":null,"limit_modified_date":false,"created":"2024-09-11 03:19:19","updated":"2026-08-26 12:09:29","ai":{"faqs":[],"keyPoints":[],"schemas":[],"titles":[],"descriptions":[],"socialPosts":{"email":{"subject":"","preview":"","content":""},"linkedin":[],"twitter":[],"facebook":[],"instagram":[]}},"breadcrumb_settings":null,"seo_analyzer_scan_date":null},"aioseo_breadcrumb":"<div class=\"aioseo-breadcrumbs\"><span class=\"aioseo-breadcrumb\">\n\t\t\t<a href=\"https:\/\/www.zaborek.com.pl\/miejsce-z-klimatem\" title=\"Dom\">Dom<\/a>\n\t\t<\/span><span class=\"aioseo-breadcrumb-separator\">&raquo;<\/span><span class=\"aioseo-breadcrumb\">\n\t\t\t<a href=\"https:\/\/www.zaborek.com.pl\/miejsce-z-klimatem\/project\/\" title=\"Projekty\">Projekty<\/a>\n\t\t<\/span><span class=\"aioseo-breadcrumb-separator\">&raquo;<\/span><span class=\"aioseo-breadcrumb\">\n\t\t\t<a href=\"https:\/\/www.zaborek.com.pl\/miejsce-z-klimatem\/project_category\/oferta-indywidualna\/\" title=\"oferta indywidualna\">oferta indywidualna<\/a>\n\t\t<\/span><span class=\"aioseo-breadcrumb-separator\">&raquo;<\/span><span class=\"aioseo-breadcrumb\">\n\t\t\tJESIENNE BANIOWANIE W ZABORKU\n\t\t<\/span><\/div>","aioseo_breadcrumb_json":[{"label":"Dom","link":"https:\/\/www.zaborek.com.pl\/miejsce-z-klimatem"},{"label":"Projekty","link":"https:\/\/www.zaborek.com.pl\/miejsce-z-klimatem\/project\/"},{"label":"oferta indywidualna","link":"https:\/\/www.zaborek.com.pl\/miejsce-z-klimatem\/project_category\/oferta-indywidualna\/"},{"label":"JESIENNE BANIOWANIE W ZABORKU","link":"https:\/\/www.zaborek.com.pl\/miejsce-z-klimatem\/project\/jesienny-weekend-z-bania\/"}],"_links":{"self":[{"href":"https:\/\/www.zaborek.com.pl\/miejsce-z-klimatem\/wp-json\/wp\/v2\/project\/3237","targetHints":{"allow":["GET"]}}],"collection":[{"href":"https:\/\/www.zaborek.com.pl\/miejsce-z-klimatem\/wp-json\/wp\/v2\/project"}],"about":[{"href":"https:\/\/www.zaborek.com.pl\/miejsce-z-klimatem\/wp-json\/wp\/v2\/types\/project"}],"author":[{"embeddable":true,"href":"https:\/\/www.zaborek.com.pl\/miejsce-z-klimatem\/wp-json\/wp\/v2\/users\/2"}],"replies":[{"embeddable":true,"href":"https:\/\/www.zaborek.com.pl\/miejsce-z-klimatem\/wp-json\/wp\/v2\/comments?post=3237"}],"version-history":[{"count":75,"href":"https:\/\/www.zaborek.com.pl\/miejsce-z-klimatem\/wp-json\/wp\/v2\/project\/3237\/revisions"}],"predecessor-version":[{"id":10791,"href":"https:\/\/www.zaborek.com.pl\/miejsce-z-klimatem\/wp-json\/wp\/v2\/project\/3237\/revisions\/10791"}],"wp:featuredmedia":[{"embeddable":true,"href":"https:\/\/www.zaborek.com.pl\/miejsce-z-klimatem\/wp-json\/wp\/v2\/media\/10747"}],"wp:attachment":[{"href":"https:\/\/www.zaborek.com.pl\/miejsce-z-klimatem\/wp-json\/wp\/v2\/media?parent=3237"}],"wp:term":[{"taxonomy":"project_category","embeddable":true,"href":"https:\/\/www.zaborek.com.pl\/miejsce-z-klimatem\/wp-json\/wp\/v2\/project_category?post=3237"},{"taxonomy":"project_tag","embeddable":true,"href":"https:\/\/www.zaborek.com.pl\/miejsce-z-klimatem\/wp-json\/wp\/v2\/project_tag?post=3237"}],"curies":[{"name":"wp","href":"https:\/\/api.w.org\/{rel}","templated":true}]}}